{"id":1912,"date":"2021-11-15T16:45:16","date_gmt":"2021-11-15T15:45:16","guid":{"rendered":"https:\/\/ssvalais.ch\/liens-accessibilite\/"},"modified":"2023-11-27T14:42:42","modified_gmt":"2023-11-27T13:42:42","slug":"links-erreichbarkeit","status":"publish","type":"page","link":"https:\/\/ssvalais.ch\/de\/links-erreichbarkeit\/","title":{"rendered":"Links \/ Erreichbarkeit"},"content":{"rendered":"<div class=\"wpb-content-wrapper\"><p>[vc_row el_class=&#8220;ssv-liens&#8220;][vc_column width=&#8220;1\/2&#8243;][vc_column_text]Mitgliedschaften[\/vc_column_text][\/vc_column][vc_column width=&#8220;1\/2&#8243;][vc_column_text]<\/p>\n<ul>\n<li><a href=\"https:\/\/www.sgb-fss.ch\/\" target=\"_blank\" rel=\"noopener\">F\u00e9d\u00e9ration Suisse des sourds SGB-FSS et ses membres collectifs<\/a><\/li>\n<li><a href=\"https:\/\/www.forumhandicapvalais.ch\/\" target=\"_blank\" rel=\"noopener\">Forum Handicap Valais et ses membres collectifs<\/a><\/li>\n<li><a href=\"https:\/\/www.swissdeafsport.ch\/\" target=\"_blank\" rel=\"noopener\">Swiss Deaf Sport et ses membres collectifs<\/a><\/li>\n<\/ul>\n<p>[\/vc_column_text][\/vc_column][\/vc_row][vc_row][vc_column][vc_empty_space height=&#8220;40px&#8220;][\/vc_column][\/vc_row][vc_row el_class=&#8220;ssv-liens&#8220;][vc_column width=&#8220;1\/2&#8243;][vc_column_text]Netzwerke Wallis[\/vc_column_text][\/vc_column][vc_column width=&#8220;1\/2&#8243;][vc_column_text]<\/p>\n<ul>\n<li><a href=\"https:\/\/www.vs.ch\/web\/scj\/centre-de-competences-en-surdite\" target=\"_blank\" rel=\"noopener\">Centre de comp\u00e9tences en surdit\u00e9<\/a><\/li>\n<li><a href=\"https:\/\/canal9.ch\/\" target=\"_blank\" rel=\"noopener\">Canal 9 \/ Kanal 9<\/a><\/li>\n<li><a href=\"https:\/\/www.cath-vs.ch\/\" target=\"_blank\" rel=\"noopener\">Ev\u00each\u00e9 de Sion<\/a><\/li>\n<li><a href=\"https:\/\/www.hopitalduvalais.ch\/\" target=\"_blank\" rel=\"noopener\">H\u00f4pital du Valais<\/a><\/li>\n<li><a href=\"https:\/\/www.vs.ch\/web\/sas\/accueil\" target=\"_blank\" rel=\"noopener\">Service de l\u2019action sociale<\/a><\/li>\n<\/ul>\n<p>[\/vc_column_text][\/vc_column][\/vc_row][vc_row][vc_column][vc_empty_space height=&#8220;40px&#8220;][\/vc_column][\/vc_row][vc_row el_class=&#8220;ssv-liens&#8220;][vc_column width=&#8220;1\/2&#8243;][vc_column_text]Organisationen in der Westschweiz[\/vc_column_text][\/vc_column][vc_column width=&#8220;1\/2&#8243;][vc_column_text]<\/p>\n<ul>\n<li><a href=\"https:\/\/cestunsigne.ch\" target=\"_blank\" rel=\"noopener\">Association c\u2019est un Signe<\/a><\/li>\n<li>Association ABC signes<\/li>\n<li><a href=\"http:\/\/www.dico-lsf.ch\" target=\"_blank\" rel=\"noopener\">Association Dico LSF de Suisse romande<\/a><\/li>\n<li><a href=\"https:\/\/www.sourdsvaudois.ch\" target=\"_blank\" rel=\"noopener\">Association des Sourds Vaudois<\/a><\/li>\n<li><a href=\"https:\/\/www.randosourd.ch\" target=\"_blank\" rel=\"noopener\">Association RandoSourd<\/a><\/li>\n<li><a href=\"https:\/\/s-5.ch\" target=\"_blank\" rel=\"noopener\">Association S5<\/a><\/li>\n<li><a href=\"http:\/\/www.chalet-les-arolles.ch\" target=\"_blank\" rel=\"noopener\">Fondation Jeanne Kunkler<\/a><\/li>\n<li><a href=\"http:\/\/www.cosm-sogs.ch\" target=\"_blank\" rel=\"noopener\">GOEDARDS<\/a><\/li>\n<li><a href=\"https:\/\/www.ssfribourg.ch\" target=\"_blank\" rel=\"noopener\">Soci\u00e9t\u00e9 des Sourds de Fribourg<\/a><\/li>\n<li>Soci\u00e9t\u00e9 des Sourds du Jura<\/li>\n<li><a href=\"https:\/\/www.ssgeneve.com\" target=\"_blank\" rel=\"noopener\">Soci\u00e9t\u00e9 des Sourds de Gen\u00e8ve<\/a><\/li>\n<li>Soci\u00e9t\u00e9 des Sourds Neuch\u00e2telois<\/li>\n<\/ul>\n<p>[\/vc_column_text][\/vc_column][\/vc_row][vc_row][vc_column][vc_empty_space height=&#8220;40px&#8220;][\/vc_column][\/vc_row][vc_row el_class=&#8220;ssv-liens&#8220;][vc_column width=&#8220;1\/2&#8243;][vc_column_text]Dienstleistungen[\/vc_column_text][\/vc_column][vc_column width=&#8220;1\/2&#8243;][vc_column_text]<\/p>\n<ul>\n<li><a href=\"http:\/\/arils.ch\/\" target=\"_blank\" rel=\"noopener\">Association romande des interpr\u00e8tes en langue des signes<br \/>\nService Interpr\u00e8tes ind\u00e9pendantes<\/a><\/li>\n<li><a href=\"https:\/\/www.procom-deaf.ch\/fr\/Default.aspx\" target=\"_blank\" rel=\"noopener\">Fondation Procom<br \/>\nServices interpr\u00e8tes, relais texte, relais vid\u00e9o et relais SMS<\/a><\/li>\n<li><a href=\"https:\/\/a-capella.ch\" target=\"_blank\" rel=\"noopener\">Fondation a Capella<br \/>\nServices codeurs-interpr\u00e8tes LPC et aide \u00e0 l\u2019int\u00e9gration<\/a><\/li>\n<li><a href=\"https:\/\/ecoute.ch\" target=\"_blank\" rel=\"noopener\">Forom Ecoute<br \/>\nListe des lieux \u00e9quip\u00e9s de boucles magn\u00e9tiques<\/a><\/li>\n<li><a href=\"https:\/\/www.swisstxt.ch\/fr\/services\/services-dacc%C3%A8s\/retranscription-en-ligne\" target=\"_blank\" rel=\"noopener\">SwissTXT<br \/>\nService d\u2019acc\u00e8s sous-titrage, retranscription en ligne, etc.<\/a><\/li>\n<\/ul>\n<p>[\/vc_column_text][\/vc_column][\/vc_row][vc_row][vc_column][vc_empty_space height=&#8220;40px&#8220;][\/vc_column][\/vc_row][vc_row el_class=&#8220;ssv-liens&#8220;][vc_column width=&#8220;1\/2&#8243;][vc_column_text]Erreichbarkeit[\/vc_column_text][\/vc_column][vc_column width=&#8220;1\/2&#8243;][vc_column_text]<\/p>\n<ul>\n<li><a href=\"https:\/\/www.gsbernard.com\/fr\/le-musee-de-l-hospice.html\" target=\"_blank\" rel=\"noopener\">Mus\u00e9e du Grand-St-Bernard<br \/>\nEcran tactile traduit en langue des signes et sous-titres<br \/>\nDVD en langue des signes et sous-titres<\/a><\/li>\n<li><a href=\"https:\/\/ecoute-voir.org\" target=\"_blank\" rel=\"noopener\">Ecoute Voir<br \/>\nCulture et handicap sensoriel<\/a><\/li>\n<li><a href=\"http:\/\/www.bible-lsf.org\" target=\"_blank\" rel=\"noopener\">Bible en langue des signes<\/a><\/li>\n<\/ul>\n<p>[\/vc_column_text][\/vc_column][\/vc_row][vc_row][vc_column][vc_empty_space height=&#8220;40px&#8220;][\/vc_column][\/vc_row][vc_row el_class=&#8220;ssv-liens&#8220;][vc_column width=&#8220;1\/2&#8243;][vc_column_text]Andere Organisationen[\/vc_column_text][\/vc_column][vc_column width=&#8220;1\/2&#8243;][vc_column_text]<\/p>\n<ul>\n<li><a href=\"https:\/\/www.agile.ch\" target=\"_blank\" rel=\"noopener\">AGILE<\/a><\/li>\n<li><a href=\"https:\/\/alpc.ch\" target=\"_blank\" rel=\"noopener\">Association pour les langues parl\u00e9es compl\u00e9t\u00e9es<\/a><\/li>\n<li><a href=\"https:\/\/www.aspeda.ch\" target=\"_blank\" rel=\"noopener\">Association Suisse de Parents d\u2019Enfants D\u00e9ficients Auditifs<\/a><\/li>\n<li><a href=\"https:\/\/ecoute.ch\" target=\"_blank\" rel=\"noopener\">Fondation Romande des Malentendants<\/a><\/li>\n<li><a href=\"https:\/\/frsa-sourds-aveugles.ch\" target=\"_blank\" rel=\"noopener\">Fondation Romande des SourdAveugles<\/a><\/li>\n<li><a href=\"https:\/\/www.inclusion-handicap.ch\" target=\"_blank\" rel=\"noopener\">Inclusion Handicap<\/a><\/li>\n<li><a href=\"http:\/\/www.igho.ch\" target=\"_blank\" rel=\"noopener\">Interessengemeinschaft f\u00fcr H\u00f6rgesch\u00e4digte Oberwallis IGHO<\/a><\/li>\n<li><a href=\"https:\/\/sdy.ch\" target=\"_blank\" rel=\"noopener\">Swiss Deaf Youth<\/a><\/li>\n<\/ul>\n<p>[\/vc_column_text][\/vc_column][\/vc_row][vc_row][vc_column][vc_empty_space height=&#8220;100px&#8220; el_class=&#8220;custom-space-mb&#8220;][\/vc_column][\/vc_row]<\/p>\n<\/div>","protected":false},"excerpt":{"rendered":"<p>[vc_row el_class=&#8220;ssv-liens&#8220;][vc_column width=&#8220;1\/2&#8243;][vc_column_text]Mitgliedschaften[\/vc_column_text][\/vc_column][vc_column width=&#8220;1\/2&#8243;][vc_column_text] F\u00e9d\u00e9ration Suisse des sourds SGB-FSS et ses membres collectifs Forum Handicap Valais et ses membres collectifs Swiss Deaf Sport et ses membres collectifs [\/vc_column_text][\/vc_column][\/vc_row][vc_row][vc_column][vc_empty_space height=&#8220;40px&#8220;][\/vc_column][\/vc_row][vc_row el_class=&#8220;ssv-liens&#8220;][vc_column width=&#8220;1\/2&#8243;][vc_column_text]Netzwerke Wallis[\/vc_column_text][\/vc_column][vc_column width=&#8220;1\/2&#8243;][vc_column_text] Centre de comp\u00e9tences en surdit\u00e9 Canal 9 \/ Kanal 9 Ev\u00each\u00e9 de Sion H\u00f4pital du Valais Service de l\u2019action sociale [\/vc_column_text][\/vc_column][\/vc_row][vc_row][vc_column][vc_empty_space height=&#8220;40px&#8220;][\/vc_column][\/vc_row][vc_row [&hellip;]<\/p>\n","protected":false},"author":2,"featured_media":0,"parent":0,"menu_order":0,"comment_status":"closed","ping_status":"closed","template":"","meta":{"_acf_changed":false,"inline_featured_image":false,"footnotes":""},"class_list":["post-1912","page","type-page","status-publish","hentry"],"acf":[],"_links":{"self":[{"href":"https:\/\/ssvalais.ch\/de\/wp-json\/wp\/v2\/pages\/1912","targetHints":{"allow":["GET"]}}],"collection":[{"href":"https:\/\/ssvalais.ch\/de\/wp-json\/wp\/v2\/pages"}],"about":[{"href":"https:\/\/ssvalais.ch\/de\/wp-json\/wp\/v2\/types\/page"}],"author":[{"embeddable":true,"href":"https:\/\/ssvalais.ch\/de\/wp-json\/wp\/v2\/users\/2"}],"replies":[{"embeddable":true,"href":"https:\/\/ssvalais.ch\/de\/wp-json\/wp\/v2\/comments?post=1912"}],"version-history":[{"count":4,"href":"https:\/\/ssvalais.ch\/de\/wp-json\/wp\/v2\/pages\/1912\/revisions"}],"predecessor-version":[{"id":4493,"href":"https:\/\/ssvalais.ch\/de\/wp-json\/wp\/v2\/pages\/1912\/revisions\/4493"}],"wp:attachment":[{"href":"https:\/\/ssvalais.ch\/de\/wp-json\/wp\/v2\/media?parent=1912"}],"curies":[{"name":"wp","href":"https:\/\/api.w.org\/{rel}","templated":true}]}}