{"id":1750,"date":"2021-11-16T15:47:01","date_gmt":"2021-11-16T14:47:01","guid":{"rendered":"https:\/\/ssvalais.ch\/verein\/geschichte-des-gsw\/les-sourds-et-la-vie-spirituelle\/"},"modified":"2022-01-24T10:23:19","modified_gmt":"2022-01-24T09:23:19","slug":"die-gehoerlosen-und-die-religion","status":"publish","type":"page","link":"https:\/\/ssvalais.ch\/de\/verein\/geschichte-des-gsw\/die-gehoerlosen-und-die-religion\/","title":{"rendered":"Die Geh\u00f6rlosen und die Religion"},"content":{"rendered":"<div class=\"wpb-content-wrapper\"><p>[vc_row][vc_column][vc_custom_heading text=&#8220;Geschichte des Geh\u00f6rlosenverein Wallis&#8220; font_container=&#8220;tag:h2|font_size:50px|text_align:center|color:%23000000|line_height:1.2&#8243; use_theme_fonts=&#8220;yes&#8220; el_class=&#8220;rst-heading-title&#8220; css=&#8220;.vc_custom_1642586388924{margin-top: 0px !important;margin-bottom: 45px !important;}&#8220;][\/vc_column][\/vc_row][vc_row full_width=&#8220;stretch_row_content_no_spaces&#8220; el_id=&#8220;menu&#8220; css=&#8220;.vc_custom_1640168850202{background-color: #f2f2f2 !important;}&#8220;][vc_column css=&#8220;.vc_custom_1640168883470{padding-top: 35px !important;padding-bottom: 35px !important;}&#8220; el_class=&#8220;rst-custom-bg-menu&#8220;][vc_column_text el_class=&#8220;rst-menu-child&#8220;]<\/p>\n<ul>\n<li><strong><a href=\"\/de\/verein\/geschichte-des-gsw\/\">1. Worwort<\/a><\/strong><\/li>\n<li><strong><a href=\"\/de\/verein\/geschichte-des-gsw\/zeitachse\/\">2. Zeitachse<\/a><\/strong><\/li>\n<li><strong><a href=\"\/de\/verein\/geschichte-des-gsw\/die-gehoerlosen-und-das-vereinsleben\/\">3. Die Geh\u00f6rlosen und das Vereinsleben<\/a><\/strong><\/li>\n<li><strong><a href=\"\/de\/verein\/geschichte-des-gsw\/die-gehoerlosen-und-die-schule\/\">4. Die Geh\u00f6rlosen und die Schule<\/a><\/strong><\/li>\n<li><strong><a href=\"\/de\/verein\/geschichte-des-gsw\/die-gehoerlosen-und-das-sozioprofessionelle-leben\/\">5. Die Geh\u00f6rlosen und das sozioprofessionelle Leben<\/a><\/strong><\/li>\n<li><strong><a href=\"\/de\/verein\/geschichte-des-gsw\/die-gehoerlosen-und-der-sport\/\">6. Die Geh\u00f6rlosen und der Sport<\/a><\/strong><\/li>\n<\/ul>\n<p>[\/vc_column_text][\/vc_column][\/vc_row][vc_row full_width=&#8220;stretch_row_content_no_spaces&#8220; css=&#8220;.vc_custom_1634095062517{margin-top: 50px !important;margin-bottom: 0px !important;padding-top: 20px !important;padding-bottom: 20px !important;background-color: #ff0000 !important;}&#8220; el_class=&#8220;rst-box-note&#8220;][vc_column css=&#8220;.vc_custom_1634032460801{padding-top: 0px !important;padding-right: 15px !important;padding-bottom: 0px !important;padding-left: 15px !important;}&#8220;][vc_custom_heading text=&#8220;7. Die Geh\u00f6rlosen und die Religion&#8220; font_container=&#8220;tag:h3|font_size:50px|text_align:center|color:%23ffffff|line_height:1.2em&#8220; use_theme_fonts=&#8220;yes&#8220; el_class=&#8220;rst-heading&#8220; css=&#8220;.vc_custom_1642586400865{margin-top: 0px !important;margin-bottom: 0px !important;padding-top: 0px !important;padding-bottom: 0px !important;}&#8220;][\/vc_column][\/vc_row][vc_row el_class=&#8220;max-width-940&#8243;][vc_column][vc_column_text el_class=&#8220;rst-custom-text ssv-histoire-h3&#8243; css=&#8220;.vc_custom_1642586434757{margin-bottom: 50px !important;}&#8220;]<\/p>\n<h3 style=\"text-align: center;\">Geschichte<\/h3>\n<p>Die Geschichte der Geh\u00f6rlosen ist seit jeher eng mit der Religionsgeschichte verbunden. Die Verbindung ist aber durchaus zweideutig. Zwar k\u00fcmmern sich Pfarrer und Klosterfrauen, vor allem mit dem Abb\u00e9 de l\u2019Ep\u00e9e um das Wohl von geh\u00f6rlosen Personen, aber sie werden auch oft ausgeschlossen, wie zu Beginn des XIX. Jahrhunderts, als man sie f\u00fcr unf\u00e4hig h\u00e4lt, sich intellektuell zu entwickeln und die Botschaft Gottes aufzunehmen. In der Schweiz k\u00e4mpft Johann Konrad Naef, Gr\u00fcnder des ersten Schweizer Instituts f\u00fcr taubstumme Kinder in Yverdon gegen dieses Vorurteil und 1813 schafft er es, dass einer seiner Sch\u00fcler zur Kommunion zugelassen wird. Dieses Ereignis ist in der damaligen Zeit derart wichtig, dass es in einer Zeitung erw\u00e4hnt wird. Im Wallis, einem bl\u00fchenden katholischen Kanton, werden die Geh\u00f6rlosen ab Ende des XIX. Jahrhunderts von den Schwestern von G\u00e9ronde, dann von Bouveret betreut.<\/p>\n<p>Nach dem Austritt aus dem Institut geht jeder seinen Weg, aber 1963 \u00e4ussert eine Gruppe junger Westschweizer Walliser M\u00e4dchen (zw\u00f6lf ehemalige Sch\u00fclerinnen aus Bouveret) den Wunsch, sich wieder zu treffen. Sie beschliessen, das Institut nochmals zu besuchen. Die Initiative ergreift H\u00e9l\u00e8ne Revaz, die sich ebenfalls um das Unterhaltungsprogramm der Gruppe k\u00fcmmert und schliesslich zur Gr\u00fcndung einer Gemeinschaft f\u00fchrt. Der Benediktiner Pater G\u00e9rard H\u00e4nni begleitet sie. Ziel ist es, sich drei oder viermal pro Jahr zu treffen und eine Gruppe von Freunden zu bilden. Diese Gemeinschaft nennt sich am Anfang \u201eNotre Amiti\u00e9\u201c (unsere Freundschaft).<\/p>\n<p>1969 unternimmt die Gemeinschaft und zahlreiche Mitglieder des GVW eine Pilgerfahrt nach Lourdes. Eine zweite Pilgerfahrt nach Lourdes findet 1978 statt.[\/vc_column_text][\/vc_column][\/vc_row][vc_row css=&#8220;.vc_custom_1637071764345{padding-bottom: 50px !important;}&#8220;][vc_column][vc_single_image image=&#8220;939&#8243; img_size=&#8220;full&#8220; alignment=&#8220;center&#8220;][\/vc_column][\/vc_row][vc_row el_class=&#8220;max-width-940&#8243;][vc_column][vc_column_text el_class=&#8220;rst-custom-text ssv-histoire-h3&#8243; css=&#8220;.vc_custom_1642586494975{margin-bottom: 50px !important;}&#8220;]Die Walliser Geh\u00f6rlosen bitten die Synode und den Bischoff, ihnen einen Pfarrer zu bewilligen. Im September 1975 wird Pfarrer Firmin Rudaz gew\u00e4hlt. Ein Vorstand wird gebildet und jeden Monat Messen in Sitten, Martigny, Ayent oder Monthey gefeiert.<\/p>\n<p>Die Gemeinschaft k\u00fcmmert sich auch um die Organisation verschiedener Feiern, vor allem an Weihnachten.<\/p>\n<p>Im August 1981 organisieren der GVW und die Gemeinschaft zusammen einen Ausflug. Mehr als siebzig Personen nehmen teil. Nach einer kirchlichen Feier, besucht man den Zoo von Servion und am Nachmittag geht\u2019s nach Greyerz.<\/p>\n<p>1984 ist die religi\u00f6se Gemeinschaft, immer noch unter der Pr\u00e4sidentin Danielle Revaz, bereits seit vielen Jahren aktiv. Die Messen von Firmin Rudaz werden gut besucht und finden entweder in Sitten, Martigny, Ayent oder in einer h\u00f6renden Kirchgemeinde wie St-Gu\u00e9rin, Saxon, Charrat, Salvan, les Mar\u00f6cottes, Conthey, Baar, Vex oder in Montana und Arbaz statt. Die geh\u00f6rlosen Walliser sind ihrer Gemeinschaft sehr verbunden. Die Gemeinschaft k\u00fcmmert sich auch um die j\u00fcngeren ; die beiden Katechetinnen Danielle Revaz und Marie Maret mit Spezialschulungen, sind f\u00fcr die geh\u00f6rlosen Kinder der Klassen in Sitten verantwortlich. Jede Woche unterrichten sie Religion. Eine kleine Gruppe nimmt an einem Austausch und einer Reflexion \u00fcber die Bibel beim Pfarrer teil und die Feiern werden gemeinsam oder abwechselnd mit dem GVW oder dem APEDA vorbereitet.<\/p>\n<p>Beim Besuch von Papst Johannes Paul II 1984 in Sitten, sind die Geh\u00f6rlosen dabei und Marlyse Beney dolmetscht in Geb\u00e4rdensprache.<\/p>\n<p>1990, nach dem Tode von Firmin Rudaz, wird dank der Bem\u00fchungen der Pr\u00e4sidentin der Walliser Kirchgemeinde, Danielle Revaz, ein neuer Pfarrer vom Bischof der Di\u00f6zese Sitten, speziell f\u00fcr die Walliser Geh\u00f6rlosen ernannt. Es handelt sich um Pfarrer Jean-Michel Lonfat. Er beginnt sein neues Amt im April 1990 mit einer Messe in Vex. Der sehr fleissige, neue Pfarrer kommt jede Woche vom Grossen St. Bernhard bis in die Walliser Hauptstadt, um einen Geb\u00e4rdensprachkurs zu besuchen.<\/p>\n<p>Im Februar 1996 wird von der Katholischen Gemeinschaft ein Treffen organisiert und ein Grossteil der Mitglieder kommt nach Collombey. Nach der Messe in der Bernhardiner Klosterkapelle, speziell vorbereitet vom Vorstand der Kirchgemeinde, h\u00e4lt Schwester Camille einen Vortrag \u00fcber die Geschichte des Klosters Collombey und \u00fcber den Alltag im Kloster.<\/p>\n<p>Im Oktober 1998, organisiert die Gemeinschaft einen Ausflug mit den Sektionen Kegeln und Fussball : eine Velofahrt Richtung Saint-L\u00e9onard. Durch die Gruppierung der Sektionen sind vielf\u00e4ltige Aktivit\u00e4ten m\u00f6glich. Gegen Abend wird in der kleinen Kapelle von St. Nicolas eine Messe gefeiert.<\/p>\n<p>Die Katholische Gemeinschaft der Geh\u00f6rlosen gibt es auch heute noch und f\u00fchrt wacker ihre Aktivit\u00e4ten weiter, immer mit der Unterst\u00fctzung vom amtierenden Pfarrer Lonfat.[\/vc_column_text][\/vc_column][\/vc_row][vc_row el_class=&#8220;max-width-940&#8243;][vc_column][vc_column_text el_class=&#8220;rst-custom-text ssv-histoire-h3&#8243; css=&#8220;.vc_custom_1642586526236{margin-bottom: 50px !important;}&#8220;]<\/p>\n<h3 style=\"text-align: center;\">Grussbotschaft von H\u00e9l\u00e8ne Revaz<\/h3>\n<p>Die Walliser Geh\u00f6rlosen feiern dieses Jahr ihr 75-Jahr Jubil\u00e4um. Dreiviertel eines Jahrhunderts ist ein langer Weg mit vielen Erinnerungen.<\/p>\n<p>Im Wallis sind wir mehrheitlich katholisch. Die Katholische Gemeinschaft hat deshalb immer einen Platz im Leben der Geh\u00f6rlosen gehabt. Pfarrer haben sie von Anfang an begleitet und bei Treffen, vor allem bei der traditionellen Weihnachtsfeier oder auch an Hochzeiten, die Feierlichkeiten zelebriert. Ich kann nicht \u00fcber die 40er und 50er Jahre berichten, da ich damals noch nicht bei den Geh\u00f6rlosen dabei war. Aber ich kann \u00fcber die Zeit der 60er bis 80er Jahre vom kirchlichen Leben der Geh\u00f6rlosen erz\u00e4hlen.<\/p>\n<p>Im Sommer 1963 wird \u201eNotre Amiti\u00e9\u201c (unsere Freundschaft) mit einem Treffen von jungen geh\u00f6rlosen M\u00e4dchen, vorwiegend ehemalige Sch\u00fclerinnen von Bouveret gegr\u00fcndet. Ausfl\u00fcge, Wochenenden oder Pilgerfahrten werden organisiert, begleitet von einem Pfarrer, der die Messe zelebriert. Eine Zeitschrift unterh\u00e4lt den Kontakt. \u201eNotre Amiti\u00e9\u201c existiert \u00fcber Jahre. Ich durfte die Gruppe w\u00e4hrend 20 Jahren begleiten, eine Zeit voller Erinnerungen. Mit der Einsetzung von Pfarrer Frimin Rudaz wurde die Gemeinde nach und nach zu etwas wie einer Kirchgemeinde. Mittlerweilen findet regelm\u00e4ssig durchschnittlich eine Messe pro Monat statt. 1989, nach dem Tod von Firmin Rudaz, wurde Pfarrer Jean-Michel Lonfat sein Nachfolger. 25 Jahre sp\u00e4ter ist er immer noch da, seiner Aufgabe treu, uns zu begleiten und immer wieder den weiten Weg vom Hospiz des Grossen St. Bernhard auf sich zu nehmen, um uns zu treffen und die Botschaft und das Brot des Lebens zu bringen.<\/p>\n<p>Auch wenn die Katholische Gemeinschaft der Geh\u00f6rlosen im Wallis einen langen Weg mit vielen sch\u00f6nen Erinnerungen hinter sich hat, darf man nicht vergessen, dass dies dem Verst\u00e4ndnis des Bischofs von Sitten zu verdanken ist, der verstanden hat, dass wir, die Geh\u00f6rlosen, einen eigenen Pfarrer brauchen. Auch verdanken wir dem Stift des Grossen St. Bernhard, dass einer ihrer Br\u00fcder uns betreut. Die Katholische Gemeinde muss lebendig und br\u00fcderlich bleiben, sie muss ihren Weg trotz der schwierigen Zeit und st\u00f6rendem Gegenwind fortsetzen. Junge Kr\u00e4fte haben das Steuer \u00fcbernommen, treue und motivierte Menschen, die das Gute bewahren und Fortschritte bewirken k\u00f6nnen.<\/p>\n<p>Alles Gute unserer Gemeinschaft !<\/p>\n<p>H\u00e9l\u00e8ne Revaz[\/vc_column_text][\/vc_column][\/vc_row][vc_row css=&#8220;.vc_custom_1634954032193{padding-bottom: 70px !important;}&#8220; el_class=&#8220;back-wrapp&#8220;][vc_column][vc_btn title=&#8220;Zur\u00fcck zum Anfang der Seite&#8220; style=&#8220;classic&#8220; shape=&#8220;square&#8220; link=&#8220;url:%23menu&#8220; el_class=&#8220;rst-back-top&#8220;][\/vc_column][\/vc_row]<\/p>\n<\/div>","protected":false},"excerpt":{"rendered":"<p>[vc_row][vc_column][vc_custom_heading text=&#8220;Geschichte des Geh\u00f6rlosenverein Wallis&#8220; font_container=&#8220;tag:h2|font_size:50px|text_align:center|color:%23000000|line_height:1.2&#8243; use_theme_fonts=&#8220;yes&#8220; el_class=&#8220;rst-heading-title&#8220; css=&#8220;.vc_custom_1642586388924{margin-top: 0px !important;margin-bottom: 45px !important;}&#8220;][\/vc_column][\/vc_row][vc_row full_width=&#8220;stretch_row_content_no_spaces&#8220; el_id=&#8220;menu&#8220; css=&#8220;.vc_custom_1640168850202{background-color: #f2f2f2 !important;}&#8220;][vc_column css=&#8220;.vc_custom_1640168883470{padding-top: 35px !important;padding-bottom: 35px !important;}&#8220; el_class=&#8220;rst-custom-bg-menu&#8220;][vc_column_text el_class=&#8220;rst-menu-child&#8220;] 1. Worwort 2. Zeitachse 3. Die Geh\u00f6rlosen und das Vereinsleben 4. Die Geh\u00f6rlosen und die Schule 5. Die Geh\u00f6rlosen und das sozioprofessionelle Leben 6. Die Geh\u00f6rlosen und der Sport [\/vc_column_text][\/vc_column][\/vc_row][vc_row [&hellip;]<\/p>\n","protected":false},"author":2,"featured_media":0,"parent":1664,"menu_order":0,"comment_status":"closed","ping_status":"closed","template":"","meta":{"_acf_changed":false,"inline_featured_image":false,"footnotes":""},"class_list":["post-1750","page","type-page","status-publish","hentry"],"acf":[],"_links":{"self":[{"href":"https:\/\/ssvalais.ch\/de\/wp-json\/wp\/v2\/pages\/1750","targetHints":{"allow":["GET"]}}],"collection":[{"href":"https:\/\/ssvalais.ch\/de\/wp-json\/wp\/v2\/pages"}],"about":[{"href":"https:\/\/ssvalais.ch\/de\/wp-json\/wp\/v2\/types\/page"}],"author":[{"embeddable":true,"href":"https:\/\/ssvalais.ch\/de\/wp-json\/wp\/v2\/users\/2"}],"replies":[{"embeddable":true,"href":"https:\/\/ssvalais.ch\/de\/wp-json\/wp\/v2\/comments?post=1750"}],"version-history":[{"count":7,"href":"https:\/\/ssvalais.ch\/de\/wp-json\/wp\/v2\/pages\/1750\/revisions"}],"predecessor-version":[{"id":1983,"href":"https:\/\/ssvalais.ch\/de\/wp-json\/wp\/v2\/pages\/1750\/revisions\/1983"}],"up":[{"embeddable":true,"href":"https:\/\/ssvalais.ch\/de\/wp-json\/wp\/v2\/pages\/1664"}],"wp:attachment":[{"href":"https:\/\/ssvalais.ch\/de\/wp-json\/wp\/v2\/media?parent=1750"}],"curies":[{"name":"wp","href":"https:\/\/api.w.org\/{rel}","templated":true}]}}