{"id":1678,"date":"2021-11-17T08:37:00","date_gmt":"2021-11-17T07:37:00","guid":{"rendered":"https:\/\/ssvalais.ch\/geschichte-des-gsw\/chronologie\/"},"modified":"2022-01-24T10:21:53","modified_gmt":"2022-01-24T09:21:53","slug":"zeitachse","status":"publish","type":"page","link":"https:\/\/ssvalais.ch\/de\/verein\/geschichte-des-gsw\/zeitachse\/","title":{"rendered":"Zeitachse"},"content":{"rendered":"<div class=\"wpb-content-wrapper\"><p>[vc_row][vc_column][vc_custom_heading text=&#8220;Geschichte des Geh\u00f6rlosenverein Wallis&#8220; font_container=&#8220;tag:h2|font_size:50px|text_align:center|color:%23000000|line_height:1.2&#8243; use_theme_fonts=&#8220;yes&#8220; el_class=&#8220;rst-heading-title&#8220; css=&#8220;.vc_custom_1642579639048{margin-top: 0px !important;margin-bottom: 45px !important;}&#8220;][\/vc_column][\/vc_row][vc_row full_width=&#8220;stretch_row_content_no_spaces&#8220; el_id=&#8220;menu&#8220; css=&#8220;.vc_custom_1640168850202{background-color: #f2f2f2 !important;}&#8220;][vc_column css=&#8220;.vc_custom_1640168883470{padding-top: 35px !important;padding-bottom: 35px !important;}&#8220; el_class=&#8220;rst-custom-bg-menu&#8220;][vc_column_text el_class=&#8220;rst-menu-child&#8220;]<\/p>\n<ul>\n<li><strong><a href=\"\/de\/verein\/geschichte-des-gsw\/\">1. Worwort<\/a><\/strong><\/li>\n<li><strong><a href=\"\/de\/verein\/geschichte-des-gsw\/die-gehoerlosen-und-das-vereinsleben\/\">3. Die Geh\u00f6rlosen und das Vereinsleben<\/a><\/strong><\/li>\n<li><strong><a href=\"\/de\/verein\/geschichte-des-gsw\/die-gehoerlosen-und-die-schule\/\">4. Die Geh\u00f6rlosen und die Schule<\/a><\/strong><\/li>\n<li><strong><a href=\"\/de\/verein\/geschichte-des-gsw\/die-gehoerlosen-und-das-sozioprofessionelle-leben\/\">5. Die Geh\u00f6rlosen und das sozioprofessionelle Leben<\/a><\/strong><\/li>\n<li><strong><a href=\"\/de\/verein\/geschichte-des-gsw\/die-gehoerlosen-und-der-sport\/\">6. Die Geh\u00f6rlosen und der Sport<\/a><\/strong><\/li>\n<li><strong><a href=\"\/de\/verein\/geschichte-des-gsw\/die-gehoerlosen-und-die-religion\/\">7. Die Geh\u00f6rlosen und die Religion<\/a><\/strong><\/li>\n<\/ul>\n<p>[\/vc_column_text][\/vc_column][\/vc_row][vc_row full_width=&#8220;stretch_row_content_no_spaces&#8220; css=&#8220;.vc_custom_1634095062517{margin-top: 50px !important;margin-bottom: 0px !important;padding-top: 20px !important;padding-bottom: 20px !important;background-color: #ff0000 !important;}&#8220; el_class=&#8220;rst-box-note&#8220;][vc_column css=&#8220;.vc_custom_1634032460801{padding-top: 0px !important;padding-right: 15px !important;padding-bottom: 0px !important;padding-left: 15px !important;}&#8220;][vc_custom_heading text=&#8220;2. Zeitachse&#8220; font_container=&#8220;tag:h3|font_size:50px|text_align:center|color:%23ffffff|line_height:1.2em&#8220; use_theme_fonts=&#8220;yes&#8220; el_class=&#8220;rst-heading&#8220; css=&#8220;.vc_custom_1642579662499{margin-top: 0px !important;margin-bottom: 0px !important;padding-top: 0px !important;padding-bottom: 0px !important;}&#8220;][\/vc_column][\/vc_row][vc_row el_class=&#8220;max-width-940&#8243; css=&#8220;.vc_custom_1634034438419{padding-top: 15px !important;padding-bottom: 70px !important;}&#8220;][vc_column][vc_column_text el_class=&#8220;rst-custom-text&#8220; css=&#8220;.vc_custom_1642589451879{margin-bottom: 50px !important;}&#8220;]<strong>1939<\/strong><br \/>\nDie Geh\u00f6rlosen beenden ihre schulische Ausbildung und kehren nach Hause zur\u00fcck. Um Geld zu verdienen, werden sie eine Lehre machen. Sind sie gl\u00fccklich ? Noch lange werden sie sich an die sch\u00f6nen Momente mit den Schulkameraden erinnern. In ihren Heimatd\u00f6rfern und -st\u00e4dten sind sie die einzigen Geh\u00f6rlosen und f\u00fchlen sich einsam. Diese Einsamkeit haben auch Esther Giroud aus Chamoson, Esther Huber, Jenny L\u00e9geret, Martial Wenger und Raymond Bourban, erlebt. Esther Giroud gr\u00fcndet daher eine Gruppe, die sp\u00e4ter zum \u00ab Geh\u00f6rlosenverein Wallis \u00bb wird. Diese Gruppe organisiert unz\u00e4hlige Aktivit\u00e4ten, darunter Versammlungen, Ausfl\u00fcge, Weihnachtsfeiern mit Tombola, usw.<\/p>\n<p><strong>1943<\/strong><br \/>\nKleine Spannungen entstehen im Verein. Die Treffen im Verein werden von den Jugendlichen und den M\u00e4dchen immer mehr zur Partnersuche genutzt. Es wird immer mehr getratscht und der Abt E. de Preux entscheidet, die Gruppen k\u00fcnftig nach M\u00e4nnern und Frauen zu trennen : Frauengruppe, geleitet von Esther Giroud. M\u00e4nnergruppe, geleitet von Emile Constantin.<\/p>\n<p><strong>1948<\/strong><br \/>\nAuf Vorschlag von Abt E. de Preux ver\u00f6ffentlicht der Verein ein Informationsheft. Wegen mangelnder finanzieller Ressourcen wurde die Ver\u00f6ffentlichung jedoch nur kurze Zeit sp\u00e4ter wiedereingestellt.<\/p>\n<p><strong>In den 50ern ist in der Gesellschaft so einiges los\u2026<\/strong><br \/>\nDas Jahr 1954 ist im Verein vom Sport gepr\u00e4gt. In diesem Jahr wird der Sportverein \u00ab Fl\u00e8che sportive des sourds du Valais \u00bb (etwa im dt. : \u00ab Sportlicher Pfeil der Geh\u00f6rlosen im Wallis \u00bb) gegr\u00fcndet. Der erste Pr\u00e4sident ist Joseph Devanth\u00e9ry. Der \u00ab Fl\u00e8che sportive des sourds du Valais \u00bb m\u00f6chte die sportlichen Aktivit\u00e4ten f\u00f6rdern, damals vor allem den Skisport. Sp\u00e4ter kommen weitere Sportarten hinzu.<\/p>\n<p><strong>Zwischen 1950 und 1960<\/strong><br \/>\nMit der Entwicklung der Gesellschaft verbessert sich auch der Alltag der Geh\u00f6rlosen. Erstmals bewegt man sich auch \u00fcber die Kantongrenzen hinaus. Das Berufsangebot f\u00fcr geh\u00f6rlose Menschen erweitert sich. Mehrere Geh\u00f6rlose finden eine Arbeitsstelle ausserhalb des Kantons Wallis, vor allem in der Uhrenindustrie. Die Aktivit\u00e4ten des Vereins werden auch vielf\u00e4ltiger : Ausfl\u00fcge, Treffen, informative F\u00fchrungen, usw. Teilnahme am Konsultativ-Vorstand f\u00fcr die Romandie.<\/p>\n<p><strong>1952<\/strong><br \/>\nErster Ausflug ins Ausland : Borrom\u00e4ische Inseln bei Stresa (Italien).<\/p>\n<p><strong>1959<\/strong><br \/>\nMitgliedschaftsgesuch beim Schweizerischen Geh\u00f6rlosenbund (SGB-FSS).<\/p>\n<p><strong>1962<\/strong><br \/>\nGr\u00fcndung der Sektion Kegeln. Damals hat jedes Walliser Dorf eine eigene Spielbahn. Die Geh\u00f6rlosen m\u00f6chten ein eigenes Team bilden.<\/p>\n<p><strong>1963<\/strong><br \/>\nGr\u00fcndung der Kirchgemeinde und Gr\u00fcndung von \u00ab Notre Amiti\u00e9 \u00bb (\u00ab Unsere Freundschaft \u00bb), eine Gemeinschaft von jungen geh\u00f6rlosen M\u00e4dchen im franz\u00f6sischsprachigen Wallis. Die Gruppe wird von H\u00e9l\u00e8ne Revaz gegr\u00fcndet und geleitet. Der Benediktiner G\u00e9rard Haenni unterst\u00fctzt die Gruppe.<\/p>\n<p><strong>1970<\/strong><br \/>\nDie beiden Vereine \u2013 Geh\u00f6rlosenverein Wallis und \u00ab Fl\u00e8che sportive des sourds du Valais \u00bb \u2013 schliessen sich zusammen. Nun gibt es nur noch die eine \u00ab Association sportive des sourds du Valais \u00bb (\u00ab Sportverein der Geh\u00f6rlosen Wallis \u00bb), die alle geh\u00f6rlosen Menschen des Kantons vertritt. Sie veranstaltet sportliche und kulturelle Aktivit\u00e4ten.<\/p>\n<p><strong>1977<\/strong><br \/>\nDer erste Gemeinschaftsrat wird gegr\u00fcndet. Abt Firmin Rudaz erkl\u00e4rt sich bereit, die Geh\u00f6rlosen aus dem Kanton Wallis zu begleiten und wird Seelsorger der Gemeinschaft. Die Gemeinschaft der Walliser Geh\u00f6rlosen wird als Kirchgemeinde betrachtet. Die Ziele der Gemeinschaft sind die folgenden : Treffen und Gottesdienste. Begleitung der Geh\u00f6rlosen in besonderen Lebensumst\u00e4nden. Unterst\u00fctzung und Begleitung der geh\u00f6rlosen Kinder im Rahmen der schulischen Katechese. Religi\u00f6se Feste, wichtige Kirchfeste, Messen mit den H\u00f6renden und mit der Kirchengemeinde.<\/p>\n<p><strong>1979<\/strong><br \/>\nNAMENS\u00c4NDERUNG ! Die \u00ab Association sportive des sourds du Valais \u00bb wird zur \u00ab Soci\u00e9t\u00e9 des Sourds du Valais \u00bb (\u00ab Geh\u00f6rlosenverein Wallis \u00bb). Nach der Statuten\u00e4nderung werden noch vielf\u00e4ltigere Aktivit\u00e4ten angeboten.<\/p>\n<p><strong>1983<\/strong><br \/>\nGr\u00fcndung der Sektion Jass unter Leitung von Raymonde Bourban.<\/p>\n<p><strong>1985<\/strong><br \/>\nTreffen der Senioren. Die Senioren organisieren freundschaftliche Treffen. 1993 wird die Gruppe zur Sektion Senioren.<\/p>\n<p><strong>1989<\/strong><br \/>\nGr\u00fcndung der Sektion Volleyball unter Leitung von Daniel Gundi. Wichtiger Meilenstein f\u00fcr den Verein : Feier anl\u00e4sslich des 50-j\u00e4hrigen Bestehens (Freitag, 5. Mai bis Sonntag, 7. Mai 1989) ! Kegel-, Fussball- und Volleyballturniere werden veranstaltet. Am Samstagabend finden eine Zauber-Show und ein grosser Ball statt. Am Sonntag wird ein \u00f6kumenischer Gottesdienst gehalten, gefolgt von einem Bankett. F\u00fcr die Kinder gibt es ein Animationsprogramm und eine H\u00fcpfburg. Zu diesem Anlass gibt es auch eine umfangreiche Fotoausstellung zu den vergangenen 50 Jahren, die auch das \u00f6ffentliche Bewusstsein sensibilisiert. All dies tr\u00e4gt an diesem besonderen Tag, den alle sehr positiv erleben, zur festlichen Stimmung bei. Ausserdem wird in diesem Rahmen das Buch \u00ab DAS LEBEN DER GEH\u00d6RLOSEN IM LAUFE DER ZEIT \u00bb u. a. mit Pascal Lambiel, Danielle Revaz, Marie-Louise Fournier und Liliane Constantin verfasst. Das Werk befasst sich mit dem Leben der Walliser Geh\u00f6rlosen zwischen 1893 und 1989, eine Zeit, die durch die Gr\u00fcndung des Geh\u00f6rlosenverein Wallis im Jahr 1939 massgeblich gepr\u00e4gt wird.[\/vc_column_text][\/vc_column][\/vc_row][vc_row css=&#8220;.vc_custom_1634954032193{padding-bottom: 70px !important;}&#8220; el_class=&#8220;back-wrapp&#8220;][vc_column][vc_btn title=&#8220;Zur\u00fcck zum Anfang der Seite&#8220; style=&#8220;classic&#8220; shape=&#8220;square&#8220; link=&#8220;url:%23menu&#8220; el_class=&#8220;rst-back-top&#8220;][\/vc_column][\/vc_row]<\/p>\n<\/div>","protected":false},"excerpt":{"rendered":"<p>[vc_row][vc_column][vc_custom_heading text=&#8220;Geschichte des Geh\u00f6rlosenverein Wallis&#8220; font_container=&#8220;tag:h2|font_size:50px|text_align:center|color:%23000000|line_height:1.2&#8243; use_theme_fonts=&#8220;yes&#8220; el_class=&#8220;rst-heading-title&#8220; css=&#8220;.vc_custom_1642579639048{margin-top: 0px !important;margin-bottom: 45px !important;}&#8220;][\/vc_column][\/vc_row][vc_row full_width=&#8220;stretch_row_content_no_spaces&#8220; el_id=&#8220;menu&#8220; css=&#8220;.vc_custom_1640168850202{background-color: #f2f2f2 !important;}&#8220;][vc_column css=&#8220;.vc_custom_1640168883470{padding-top: 35px !important;padding-bottom: 35px !important;}&#8220; el_class=&#8220;rst-custom-bg-menu&#8220;][vc_column_text el_class=&#8220;rst-menu-child&#8220;] 1. Worwort 3. Die Geh\u00f6rlosen und das Vereinsleben 4. Die Geh\u00f6rlosen und die Schule 5. Die Geh\u00f6rlosen und das sozioprofessionelle Leben 6. Die Geh\u00f6rlosen und der Sport 7. Die Geh\u00f6rlosen [&hellip;]<\/p>\n","protected":false},"author":2,"featured_media":0,"parent":1664,"menu_order":0,"comment_status":"closed","ping_status":"closed","template":"","meta":{"_acf_changed":false,"inline_featured_image":false,"footnotes":""},"class_list":["post-1678","page","type-page","status-publish","hentry"],"acf":[],"_links":{"self":[{"href":"https:\/\/ssvalais.ch\/de\/wp-json\/wp\/v2\/pages\/1678","targetHints":{"allow":["GET"]}}],"collection":[{"href":"https:\/\/ssvalais.ch\/de\/wp-json\/wp\/v2\/pages"}],"about":[{"href":"https:\/\/ssvalais.ch\/de\/wp-json\/wp\/v2\/types\/page"}],"author":[{"embeddable":true,"href":"https:\/\/ssvalais.ch\/de\/wp-json\/wp\/v2\/users\/2"}],"replies":[{"embeddable":true,"href":"https:\/\/ssvalais.ch\/de\/wp-json\/wp\/v2\/comments?post=1678"}],"version-history":[{"count":8,"href":"https:\/\/ssvalais.ch\/de\/wp-json\/wp\/v2\/pages\/1678\/revisions"}],"predecessor-version":[{"id":1976,"href":"https:\/\/ssvalais.ch\/de\/wp-json\/wp\/v2\/pages\/1678\/revisions\/1976"}],"up":[{"embeddable":true,"href":"https:\/\/ssvalais.ch\/de\/wp-json\/wp\/v2\/pages\/1664"}],"wp:attachment":[{"href":"https:\/\/ssvalais.ch\/de\/wp-json\/wp\/v2\/media?parent=1678"}],"curies":[{"name":"wp","href":"https:\/\/api.w.org\/{rel}","templated":true}]}}